{"id":6234,"date":"2022-11-15T14:58:03","date_gmt":"2022-11-15T11:58:03","guid":{"rendered":"https:\/\/izeltas.com.tr\/?page_id=6234"},"modified":"2023-07-19T15:22:59","modified_gmt":"2023-07-19T12:22:59","slug":"kvkk-aydinlatma-metni","status":"publish","type":"page","link":"https:\/\/izeltas.com.tr\/en\/kvkk-aydinlatma-metni\/","title":{"rendered":"K\u0130\u015e\u0130SEL VER\u0130LER\u0130N KORUNMASI AYDINLATMA METN\u0130"},"content":{"rendered":"<p><strong>K\u0130\u015e\u0130SEL VER\u0130LER\u0130N KORUNMASI AYDINLATMA METN\u0130 K\u0130\u015e\u0130SEL VER\u0130LER\u0130N KORUNMASI<\/strong><\/p>\n<p>i\u015fbu Ayd\u0131nlatma ve R\u0131za Metni ile veri sorumlusu s\u0131fat\u0131yla hareket eden \u0130zelta\u015f A.\u015e. 6698 say\u0131l\u0131 Ki\u015fisel<br \/>\nVerilerin Korunmas\u0131 Kanunu\u2019na uygun olarak KVKK prosed\u00fcr\u00fcnde tan\u0131mlanm\u0131\u015f ilgili ki\u015filerin, ki\u015fisel<br \/>\nverilerinin i\u015flenmesine ili\u015fkin a\u00e7\u0131klamalarda bulunmak ve bilgilendirmek amac\u0131yla bu bilgilendirme<br \/>\nmetnini haz\u0131rlam\u0131\u015ft\u0131r. Bu metin ile ilgili Kanun uyar\u0131nca \u0130zelta\u015f A.\u015e. nezdindeki ki\u015fisel verileriniz<br \/>\na\u015fa\u011f\u0131da a\u00e7\u0131klanan i\u015flenme ama\u00e7lar\u0131, hukuki nedenleri, bilgilerin toplanma y\u00f6ntemleri, kimlere ve hangi<br \/>\nama\u00e7larla aktar\u0131labilece\u011fine ili\u015fkin olarak sizleri bilgilendirmektedir.<\/p>\n<p><strong>1. K\u0130\u015e\u0130SEL VER\u0130LER\u0130N TOPLANMASINA \u0130L\u0130\u015eK\u0130N Y\u00d6NTEMLER\u0130 VE HUKUK\u0130<\/strong><br \/>\n<strong>SEBEB\u0130<\/strong><\/p>\n<p>\u0130zelta\u015f A.\u015e. taraf\u0131ndan veri sorumlusu s\u0131fat\u0131 ile, KVKK ve ilgili di\u011fer mevzuattan kaynaklanan yasal<br \/>\ny\u00fck\u00fcml\u00fcl\u00fcklerimiz \u00e7er\u00e7evesinde; internet sitesi, mobil uygulamalar, \u00e7a\u011fr\u0131 merkezi, ma\u011fazalar, sosyal<br \/>\nmedya mecralar\u0131, do\u011frudan veya yetkilendirilmi\u015f ileti\u015fim kanallar\u0131 ve fiziki kanallar gibi farkl\u0131<br \/>\nkanallarda icra edilen \u00fcretim ve tadilat s\u00fcre\u00e7lerindeki y\u00f6ntemlerle; bu kanallar\u0131 kullanarak sizlere kaliteli<br \/>\nhizmetlerimizi sunmak ve bu \u00e7er\u00e7evede i\u015f ve ticari faaliyetlerimizi y\u00fcr\u00fctmek noktas\u0131nda uygulama<br \/>\nimkan\u0131 bulan ilgili mevzuat, s\u00f6zle\u015fme, talep, ticari team\u00fcl ve d\u00fcr\u00fcstl\u00fck kurallar\u0131na dayal\u0131 olarak ortaya<br \/>\n\u00e7\u0131kan ve icra edilen hukuki sebepler \u00e7er\u00e7evesinde a\u00e7\u0131k r\u0131zaya ba\u011fl\u0131 s\u00f6zl\u00fc, yaz\u0131l\u0131 ya da elektronik<br \/>\ny\u00f6ntemlerle ki\u015fisel verileriniz, \u00f6zel nitelikli ki\u015fisel veriler de dahil olmak \u00fczere toplanmaktad\u0131r.<br \/>\nBu kapsamda ki\u015fisel verileriniz, \u0130zelta\u015f A.\u015e. veya \u0130zelta\u015f A.\u015e. ad\u0131na veri i\u015fleyen ger\u00e7ek ya da t\u00fczel<br \/>\nki\u015filer taraf\u0131ndan, say\u0131lanlarla s\u0131n\u0131rl\u0131 olmamak \u00fczere, yaz\u0131l\u0131 veya elektronik olarak, a\u015fa\u011f\u0131da belirtilen<br \/>\ny\u00f6ntemlerle toplanabilir;<br \/>\n\uf0b7 Elektronik ya da fiziki olarak doldurdu\u011funuz \u00fcyelik formu,<br \/>\n\uf0b7 \u0130nternet sitelerimize \u00fcyelik veya giri\u015f s\u0131ras\u0131nda \u00fcye giri\u015fi yapman\u0131z\u0131 sa\u011flayan B2b ve sosyal a\u011flar,<br \/>\n\uf0b7 \u0130nternet sitelerimiz veya \u00fc\u00e7\u00fcnc\u00fc ki\u015filere ait internet sitelerinde yer alan, bizimle ileti\u015fime ge\u00e7mek<br \/>\n\u00fczere doldurdu\u011funuz ileti\u015fim formlar\u0131,<br \/>\n\uf0b7 \u00c7evirim i\u00e7i al\u0131\u015fveri\u015f uygulamalar\u0131, sizi tan\u0131mak i\u00e7in kullan\u0131lan \u00e7erezler (cookies), mobil<br \/>\nuygulamalar\u0131m\u0131z,<br \/>\n\uf0b7 \u015eirketimiz ile imzalam\u0131\u015f oldu\u011funuz muhtelif s\u00f6zle\u015fmeler ile \u015eirketimize g\u00f6ndermi\u015f oldu\u011funuz<br \/>\nelektronik postalar, faks ve mektuplar,<br \/>\n\uf0b7 \u015eirketimiz ad\u0131na veri i\u015fleyen yahut \u00fcyelik program\u0131 s\u00fcrecinin herhangi bir safhas\u0131nda \u015firketimize<br \/>\ndestek veren \u00fc\u00e7\u00fcnc\u00fc ki\u015fi veya firmalar,<br \/>\n\uf0b7 \u00c7al\u0131\u015fanlar\u0131m\u0131z, dijital pazarlama ve \u00e7a\u011fr\u0131 merkezi d\u00e2hil olmak \u00fczere m\u00fc\u015fteri hizmetleri<br \/>\nkanallar\u0131m\u0131z,<br \/>\n\uf0b7 Sosyal medya kanallar\u0131, Google vb. arama motorlar\u0131n\u0131n kullan\u0131m\u0131,<br \/>\n\uf0b7 \u00dcyelik s\u00f6zle\u015fmeleri ve sair di\u011fer s\u00f6zle\u015fmeler, kampanyalar, ba\u015fvurular, formlar, teklifler,<br \/>\n\uf0b7 Bayilerimiz, ve di\u011fer sat\u0131\u015f a\u011f\u0131.<br \/>\ntoplanan ki\u015fisel veriler Kanun\u2019un 5. ve 6. maddelerinde ve bu Ayd\u0131nlatma ve R\u0131za Metni\u2019nde<br \/>\nbelirtilen ama\u00e7larla i\u015flenebilmekte ve aktar\u0131labilmektedir.<\/p>\n<p><strong>2. K\u0130\u015e\u0130SEL VER\u0130LER\u0130N \u0130\u015eLENMES\u0130 VE \u0130\u015eLEME AMA\u00c7LARI<\/strong><\/p>\n<p>\u0130zelta\u015f A.\u015e. olarak, veri sorumlusu s\u0131fat\u0131 ile, yaz\u0131l\u0131 ileti\u015fim kanallar\u0131m\u0131z, sosyal medya sayfalar\u0131m\u0131z,<br \/>\nmobil ileti\u015fim kanallar\u0131, ve\/veya bunlarla s\u0131n\u0131rl\u0131 olmamak \u00fczere her t\u00fcrl\u00fc kanallar arac\u0131l\u0131\u011f\u0131 ile; a\u00e7\u0131k<br \/>\nr\u0131zan\u0131z ile elde etti\u011fimiz ki\u015fisel ve\/veya \u00f6zel nitelikli ki\u015fisel verileriniz tamamen veya k\u0131smen elde<br \/>\nedilebilir, kaydedilebilir, saklanabilir, depolanabilir, de\u011fi\u015ftirilebilir, g\u00fcncellenebilir, periyodik olarak<br \/>\nkontrol edilebilir, yeniden d\u00fczenlenebilir, s\u0131n\u0131fland\u0131r\u0131labilir, i\u015flendikleri ama\u00e7 i\u00e7in gerekli olan ya da<br \/>\nilgili kanunda \u00f6ng\u00f6r\u00fclen s\u00fcre kadar muhafaza edilebilir, kanuni ya da hizmete ba\u011fl\u0131 fiili gereklilikler<br \/>\nhalinde \u0130zelta\u015f A.\u015e.\u2019\u0131n birlikte \u00e7al\u0131\u015ft\u0131\u011f\u0131 \u00f6zel-t\u00fczel ki\u015filerle, grup \u015firketleri veya i\u015fbirli\u011fi yapt\u0131\u011f\u0131<br \/>\n\u015firketlerle ya da kanunen y\u00fck\u00fcml\u00fc oldu\u011fu kamu kurum ve kurulu\u015flar\u0131yla ve\/veya T\u00fcrkiye&#8217;de veya yurt<br \/>\nd\u0131\u015f\u0131nda mukim olan ilgili 3. ki\u015fi ger\u00e7ek ki\u015fi\/t\u00fczel ki\u015filerle payla\u015f\u0131labilir\/devredilebilir, kanuni ya da<br \/>\nhizmete ba\u011fl\u0131 fiili gereklilikler halinde yurtd\u0131\u015f\u0131na aktar\u0131labilir.<br \/>\n\u0130zelta\u015f A.\u015e. m\u00fc\u015fterilerinin markalar\u0131m\u0131z\u0131n hizmetlerinden faydalanabilmesi, onay\u0131n\u0131z halinde ticari ve<br \/>\npazarlama stratejilerimizi belirlemek, geli\u015ftirmek amac\u0131 ile kampanyalar\u0131m\u0131z hakk\u0131nda sizleri<br \/>\nbilgilendirmek, \u00f6neri ve \u015fikayetlerinizi kay\u0131t alt\u0131na alabilmek, sizleri daha iyi tan\u0131yarak ihtiya\u00e7lar\u0131n\u0131z<br \/>\ndo\u011frultusunda hizmet vermek, sat\u0131\u015f, pazarlama, reklam ve tan\u0131t\u0131m faaliyetlerimizin y\u00fcr\u00fct\u00fclmesinde<br \/>\n\u00f6nc\u00fcl\u00fck etmeniz, sat\u0131\u015f ve pazarlama faaliyetleri i\u00e7in yap\u0131lacak analizler ve profilleme \u00e7al\u0131\u015fmalar\u0131n\u0131<br \/>\nyapabilmemiz, sizlere daha iyi hizmet standartlar\u0131 olu\u015fturabilmek, \u0130zelta\u015f A.\u015e. ticari ve i\u015f stratejilerinin<br \/>\nbelirlenmesi ve uygulanmas\u0131 gibi ama\u00e7larla ve her hal\u00fckarda 6698 say\u0131l\u0131 Ki\u015fisel Verilerin Korunmas\u0131<br \/>\nKanunu ve ilgili mevzuata uygun olarak ki\u015fisel verilerinizi i\u015fleyebilece\u011fimizi bilginize sunar\u0131z.<\/p>\n<p><strong>3. K\u0130\u015e\u0130SEL VER\u0130LER\u0130N AKTARILMASI<\/strong><\/p>\n<p>\u0130zelta\u015f A.\u015e. s\u00f6z konusu ki\u015fisel verilerinizi sadece; a\u00e7\u0131k r\u0131zan\u0131za istinaden veya 6698 say\u0131l\u0131<br \/>\nKanun\u2019da ve ilgili mevzuatta belirtilen g\u00fcvenlik ve gizlilik esaslar\u0131 \u00e7er\u00e7evesinde yeterli<br \/>\n\u00f6nlemler al\u0131nmak kayd\u0131yla yurt i\u00e7inde ve gerekli g\u00fcvenlik \u00f6nlemlerinin al\u0131nmas\u0131 \u015fart\u0131yla yurt<br \/>\nd\u0131\u015f\u0131nda, \u015eirket faaliyetlerinin y\u00fcr\u00fct\u00fclmesi, veri sahipleri ile m\u00fc\u015fterilerimiz aras\u0131ndaki i\u015f<br \/>\nili\u015fkisinin sa\u011flanmas\u0131 ve\/veya bu ama\u00e7la g\u00f6r\u00fc\u015fmeler yap\u0131lmas\u0131, hizmetler, f\u0131rsat ve olanaklar<br \/>\nsunulmas\u0131 ve hizmet kalitesinin art\u0131r\u0131lmas\u0131 amac\u0131yla; grup \u015firketlerimiz, i\u015f ortaklar\u0131m\u0131z, i\u015f<br \/>\nba\u011flant\u0131lar\u0131m\u0131z, bayilerimiz, Kulland\u0131\u011f\u0131m\u0131z bili\u015fim teknolojileri gere\u011fi, yurt i\u00e7inde ya da<br \/>\nyurtd\u0131\u015f\u0131nda bulunan sunucular ve bu sunucu deste\u011fini veren firmalar ile fiziksel server ve\/veya<br \/>\nbulut hizmeti ald\u0131\u011f\u0131m\u0131z yurt i\u00e7i\/yurt d\u0131\u015f\u0131 ki\u015fi ve kurumlar, \u015eirketimiz ad\u0131na veri i\u015fleyen, m\u00fc\u015fteri<br \/>\nmemnuniyeti \u00f6l\u00e7\u00fcmleme, profilleme deste\u011fi veren, sat\u0131\u015f ve pazarlama alan\u0131nda ki\u015fisel verilerin<br \/>\ni\u015flenmesi gereken konularda destek veren firmalar, faaliyetlerimizin gere\u011fi anla\u015fmal\u0131<br \/>\noldu\u011fumuz ve hizmet sundu\u011fumuz m\u00fc\u015fteriler, tedarik\u00e7iler, denetim \u015firketleri veya yasal bir<br \/>\nzorunluluk gere\u011fi bu verileri talep etmeye yetkili olan kamu kurum veya kurulu\u015flar\u0131, bunlarla<br \/>\ns\u0131n\u0131rl\u0131 olmamak \u00fczere ilgili di\u011fer otoriteler ile payla\u015fabilecektir.<\/p>\n<p><strong>4. K\u0130\u015e\u0130SEL VER\u0130 SAH\u0130B\u0130N\u0130N KVK KANUNU\u2019NUN (\u201cKANUN\u201d) 11. MADDES\u0130NDE<\/strong><br \/>\n<strong>SAYILAN HAKLARI<\/strong><\/p>\n<p>\u0130zelta\u015f A.\u015e. ilgili ki\u015filerin a\u015fa\u011f\u0131daki taleplerine kar\u015f\u0131l\u0131k verecektir:<br \/>\na) \u0130zelta\u015f A.\u015e.\u2019\u0131n kendilerine ili\u015fkin ki\u015fisel verileri i\u015fleyip i\u015flemedi\u011fini ve hangi ki\u015fisel<br \/>\nverileri i\u015fledi\u011fini \u00f6\u011frenme,<br \/>\nb) ki\u015fisel verilerin i\u015flenme amac\u0131n\u0131 ve bunlar\u0131n amac\u0131na uygun kullan\u0131l\u0131p kullan\u0131lmad\u0131\u011f\u0131n\u0131 \u00f6\u011frenme,<br \/>\nc) \u0130zelta\u015f A.\u015e.\u2019\u0131n yurt i\u00e7inde veya yurt d\u0131\u015f\u0131nda ki\u015fisel verileri aktard\u0131\u011f\u0131 \u00fc\u00e7\u00fcnc\u00fc ki\u015fileri bilme,<br \/>\nd) ki\u015fisel verilerin eksik veya yanl\u0131\u015f i\u015flenmi\u015f olmas\u0131 h\u00e2linde bunlar\u0131n d\u00fczeltilmesini isteme ve bu kapsamda<br \/>\nyap\u0131lan i\u015flemin ki\u015fisel verilerin aktar\u0131ld\u0131\u011f\u0131 \u00fc\u00e7\u00fcnc\u00fc ki\u015filere bildirilmesini isteme<br \/>\ne) Kanun\u2019a uygun olarak ki\u015fisel verilerin silinmesini veya yok edilmesini isteme<br \/>\nf) Ki\u015fisel verilerin d\u00fczeltilmesi, silinmesi ya da yok edilmesi talebi halinde; yap\u0131lan i\u015flemlerin,<br \/>\nki\u015fisel verilerin aktar\u0131ld\u0131\u011f\u0131 \u00fc\u00e7\u00fcnc\u00fc ki\u015filere bildirilmesini isteme,<br \/>\ng) ki\u015fisel verilerin kanuna ayk\u0131r\u0131 olarak i\u015flenmesi sebebiyle zarara u\u011framas\u0131 h\u00e2linde zarar\u0131n giderilmesini<br \/>\ntalep etme<br \/>\nh) Ki\u015fisel verilerinin birer kopyas\u0131n\u0131 alma.<br \/>\nG\u00f6r\u00fc\u015f ve sorular\u0131n\u0131zla ilgili bizimle ileti\u015fime ge\u00e7ebilirsiniz.<br \/>\n\u00dcnvan : \u0130zelta\u015f A.\u015e. San. ve Tic. A.\u015e.<br \/>\nMersis no : 0483003878500039<br \/>\nE-mail adresi : info@izeltas.com.tr<br \/>\nPosta adresi : Kemalpa\u015fa Caddesi No:303 I\u015f\u0131kkent \/ \u0130ZM\u0130R<\/p>","protected":false},"excerpt":{"rendered":"<p>K\u0130\u015e\u0130SEL VER\u0130LER\u0130N KORUNMASI AYDINLATMA METN\u0130 K\u0130\u015e\u0130SEL VER\u0130LER\u0130N KORUNMASI i\u015fbu Ayd\u0131nlatma ve R\u0131za Metni ile veri sorumlusu s\u0131fat\u0131yla hareket eden \u0130zelta\u015f A.\u015e. 6698 say\u0131l\u0131 Ki\u015fisel Verilerin Korunmas\u0131 Kanunu\u2019na uygun olarak KVKK prosed\u00fcr\u00fcnde tan\u0131mlanm\u0131\u015f ilgili ki\u015filerin, ki\u015fisel verilerinin i\u015flenmesine ili\u015fkin a\u00e7\u0131klamalarda bulunmak ve bilgilendirmek amac\u0131yla bu bilgilendirme metnini haz\u0131rlam\u0131\u015ft\u0131r. Bu metin ile ilgili Kanun uyar\u0131nca \u0130zelta\u015f A.\u015e. [&hellip;]<\/p>\n","protected":false},"author":5,"featured_media":0,"parent":0,"menu_order":0,"comment_status":"closed","ping_status":"closed","template":"","meta":{"_acf_changed":false,"footnotes":""},"class_list":["post-6234","page","type-page","status-publish","hentry"],"acf":[],"yoast_head":"<!-- This site is optimized with the Yoast SEO plugin v25.3 - https:\/\/yoast.com\/wordpress\/plugins\/seo\/ -->\n<title>K\u0130\u015e\u0130SEL VER\u0130LER\u0130N KORUNMASI AYDINLATMA METN\u0130 - \u0130ZELTA\u015e<\/title>\n<meta name=\"robots\" content=\"index, follow, max-snippet:-1, max-image-preview:large, max-video-preview:-1\" \/>\n<link rel=\"canonical\" href=\"https:\/\/izeltas.com.tr\/kvkk-aydinlatma-metni\/\" \/>\n<meta property=\"og:locale\" content=\"en_US\" \/>\n<meta property=\"og:type\" content=\"article\" \/>\n<meta property=\"og:title\" content=\"[:tr]KVKK Ayd\u0131nlatma Metni[:en]K\u0130\u015e\u0130SEL VER\u0130LER\u0130N KORUNMASI AYDINLATMA METN\u0130[:] - \u0130ZELTA\u015e\" \/>\n<meta property=\"og:description\" content=\"K\u0130\u015e\u0130SEL VER\u0130LER\u0130N KORUNMASI AYDINLATMA METN\u0130 K\u0130\u015e\u0130SEL VER\u0130LER\u0130N KORUNMASI i\u015fbu Ayd\u0131nlatma ve R\u0131za Metni ile veri sorumlusu s\u0131fat\u0131yla hareket eden \u0130zelta\u015f A.\u015e. 6698 say\u0131l\u0131 Ki\u015fisel Verilerin Korunmas\u0131 Kanunu\u2019na uygun olarak KVKK prosed\u00fcr\u00fcnde tan\u0131mlanm\u0131\u015f ilgili ki\u015filerin, ki\u015fisel verilerinin i\u015flenmesine ili\u015fkin a\u00e7\u0131klamalarda bulunmak ve bilgilendirmek amac\u0131yla bu bilgilendirme metnini haz\u0131rlam\u0131\u015ft\u0131r. Bu metin ile ilgili Kanun uyar\u0131nca \u0130zelta\u015f A.\u015e. [&hellip;]\" \/>\n<meta property=\"og:url\" content=\"https:\/\/izeltas.com.tr\/kvkk-aydinlatma-metni\/\" \/>\n<meta property=\"og:site_name\" content=\"\u0130ZELTA\u015e\" \/>\n<meta property=\"article:modified_time\" content=\"2023-07-19T12:22:59+00:00\" \/>\n<meta name=\"twitter:card\" content=\"summary_large_image\" \/>\n<meta name=\"twitter:label1\" content=\"Est. reading time\" \/>\n\t<meta name=\"twitter:data1\" content=\"6 minutes\" \/>\n<script type=\"application\/ld+json\" class=\"yoast-schema-graph\">{\"@context\":\"https:\/\/schema.org\",\"@graph\":[{\"@type\":\"WebPage\",\"@id\":\"https:\/\/izeltas.com.tr\/kvkk-aydinlatma-metni\/\",\"url\":\"https:\/\/izeltas.com.tr\/kvkk-aydinlatma-metni\/\",\"name\":\"[:tr]KVKK Ayd\u0131nlatma Metni[:en]K\u0130\u015e\u0130SEL VER\u0130LER\u0130N KORUNMASI AYDINLATMA METN\u0130[:] - \u0130ZELTA\u015e\",\"isPartOf\":{\"@id\":\"https:\/\/izeltas.com.tr\/#website\"},\"datePublished\":\"2022-11-15T11:58:03+00:00\",\"dateModified\":\"2023-07-19T12:22:59+00:00\",\"breadcrumb\":{\"@id\":\"https:\/\/izeltas.com.tr\/kvkk-aydinlatma-metni\/#breadcrumb\"},\"inLanguage\":\"en-US\",\"potentialAction\":[{\"@type\":\"ReadAction\",\"target\":[\"https:\/\/izeltas.com.tr\/kvkk-aydinlatma-metni\/\"]}]},{\"@type\":\"BreadcrumbList\",\"@id\":\"https:\/\/izeltas.com.tr\/kvkk-aydinlatma-metni\/#breadcrumb\",\"itemListElement\":[{\"@type\":\"ListItem\",\"position\":1,\"name\":\"Anasayfa\",\"item\":\"https:\/\/izeltas.com.tr\/\"},{\"@type\":\"ListItem\",\"position\":2,\"name\":\"KVKK Ayd\u0131nlatma Metni\"}]},{\"@type\":\"WebSite\",\"@id\":\"https:\/\/izeltas.com.tr\/#website\",\"url\":\"https:\/\/izeltas.com.tr\/\",\"name\":\"\u0130ZELTA\u015e\",\"description\":\"\u0130ZM\u0130R EL ALETLER\u0130 SANAY\u0130 VE T\u0130CARET A\u015e\",\"publisher\":{\"@id\":\"https:\/\/izeltas.com.tr\/#organization\"},\"potentialAction\":[{\"@type\":\"SearchAction\",\"target\":{\"@type\":\"EntryPoint\",\"urlTemplate\":\"https:\/\/izeltas.com.tr\/?s={search_term_string}\"},\"query-input\":{\"@type\":\"PropertyValueSpecification\",\"valueRequired\":true,\"valueName\":\"search_term_string\"}}],\"inLanguage\":\"en-US\"},{\"@type\":\"Organization\",\"@id\":\"https:\/\/izeltas.com.tr\/#organization\",\"name\":\"\u0130ZELTA\u015e\",\"url\":\"https:\/\/izeltas.com.tr\/\",\"logo\":{\"@type\":\"ImageObject\",\"inLanguage\":\"en-US\",\"@id\":\"https:\/\/izeltas.com.tr\/#\/schema\/logo\/image\/\",\"url\":\"https:\/\/izeltas.com.tr\/wp-content\/uploads\/2020\/12\/izeltas-logo.svg\",\"contentUrl\":\"https:\/\/izeltas.com.tr\/wp-content\/uploads\/2020\/12\/izeltas-logo.svg\",\"width\":1,\"height\":1,\"caption\":\"\u0130ZELTA\u015e\"},\"image\":{\"@id\":\"https:\/\/izeltas.com.tr\/#\/schema\/logo\/image\/\"}}]}<\/script>\n<!-- \/ Yoast SEO plugin. -->","yoast_head_json":{"title":"[:tr]KVKK Ayd\u0131nlatma Metni[:en]K\u0130\u015e\u0130SEL VER\u0130LER\u0130N KORUNMASI AYDINLATMA METN\u0130[:] - \u0130ZELTA\u015e","robots":{"index":"index","follow":"follow","max-snippet":"max-snippet:-1","max-image-preview":"max-image-preview:large","max-video-preview":"max-video-preview:-1"},"canonical":"https:\/\/izeltas.com.tr\/kvkk-aydinlatma-metni\/","og_locale":"en_US","og_type":"article","og_title":"[:tr]KVKK Ayd\u0131nlatma Metni[:en]K\u0130\u015e\u0130SEL VER\u0130LER\u0130N KORUNMASI AYDINLATMA METN\u0130[:] - \u0130ZELTA\u015e","og_description":"K\u0130\u015e\u0130SEL VER\u0130LER\u0130N KORUNMASI AYDINLATMA METN\u0130 K\u0130\u015e\u0130SEL VER\u0130LER\u0130N KORUNMASI i\u015fbu Ayd\u0131nlatma ve R\u0131za Metni ile veri sorumlusu s\u0131fat\u0131yla hareket eden \u0130zelta\u015f A.\u015e. 6698 say\u0131l\u0131 Ki\u015fisel Verilerin Korunmas\u0131 Kanunu\u2019na uygun olarak KVKK prosed\u00fcr\u00fcnde tan\u0131mlanm\u0131\u015f ilgili ki\u015filerin, ki\u015fisel verilerinin i\u015flenmesine ili\u015fkin a\u00e7\u0131klamalarda bulunmak ve bilgilendirmek amac\u0131yla bu bilgilendirme metnini haz\u0131rlam\u0131\u015ft\u0131r. Bu metin ile ilgili Kanun uyar\u0131nca \u0130zelta\u015f A.\u015e. [&hellip;]","og_url":"https:\/\/izeltas.com.tr\/kvkk-aydinlatma-metni\/","og_site_name":"\u0130ZELTA\u015e","article_modified_time":"2023-07-19T12:22:59+00:00","twitter_card":"summary_large_image","twitter_misc":{"Est. reading time":"6 minutes"},"schema":{"@context":"https:\/\/schema.org","@graph":[{"@type":"WebPage","@id":"https:\/\/izeltas.com.tr\/kvkk-aydinlatma-metni\/","url":"https:\/\/izeltas.com.tr\/kvkk-aydinlatma-metni\/","name":"[:tr]KVKK Ayd\u0131nlatma Metni[:en]K\u0130\u015e\u0130SEL VER\u0130LER\u0130N KORUNMASI AYDINLATMA METN\u0130[:] - \u0130ZELTA\u015e","isPartOf":{"@id":"https:\/\/izeltas.com.tr\/#website"},"datePublished":"2022-11-15T11:58:03+00:00","dateModified":"2023-07-19T12:22:59+00:00","breadcrumb":{"@id":"https:\/\/izeltas.com.tr\/kvkk-aydinlatma-metni\/#breadcrumb"},"inLanguage":"en-US","potentialAction":[{"@type":"ReadAction","target":["https:\/\/izeltas.com.tr\/kvkk-aydinlatma-metni\/"]}]},{"@type":"BreadcrumbList","@id":"https:\/\/izeltas.com.tr\/kvkk-aydinlatma-metni\/#breadcrumb","itemListElement":[{"@type":"ListItem","position":1,"name":"Anasayfa","item":"https:\/\/izeltas.com.tr\/"},{"@type":"ListItem","position":2,"name":"KVKK Ayd\u0131nlatma Metni"}]},{"@type":"WebSite","@id":"https:\/\/izeltas.com.tr\/#website","url":"https:\/\/izeltas.com.tr\/","name":"\u0130ZELTA\u015e","description":"\u0130ZM\u0130R EL ALETLER\u0130 SANAY\u0130 VE T\u0130CARET A\u015e","publisher":{"@id":"https:\/\/izeltas.com.tr\/#organization"},"potentialAction":[{"@type":"SearchAction","target":{"@type":"EntryPoint","urlTemplate":"https:\/\/izeltas.com.tr\/?s={search_term_string}"},"query-input":{"@type":"PropertyValueSpecification","valueRequired":true,"valueName":"search_term_string"}}],"inLanguage":"en-US"},{"@type":"Organization","@id":"https:\/\/izeltas.com.tr\/#organization","name":"\u0130ZELTA\u015e","url":"https:\/\/izeltas.com.tr\/","logo":{"@type":"ImageObject","inLanguage":"en-US","@id":"https:\/\/izeltas.com.tr\/#\/schema\/logo\/image\/","url":"https:\/\/izeltas.com.tr\/wp-content\/uploads\/2020\/12\/izeltas-logo.svg","contentUrl":"https:\/\/izeltas.com.tr\/wp-content\/uploads\/2020\/12\/izeltas-logo.svg","width":1,"height":1,"caption":"\u0130ZELTA\u015e"},"image":{"@id":"https:\/\/izeltas.com.tr\/#\/schema\/logo\/image\/"}}]}},"_links":{"self":[{"href":"https:\/\/izeltas.com.tr\/en\/wp-json\/wp\/v2\/pages\/6234","targetHints":{"allow":["GET"]}}],"collection":[{"href":"https:\/\/izeltas.com.tr\/en\/wp-json\/wp\/v2\/pages"}],"about":[{"href":"https:\/\/izeltas.com.tr\/en\/wp-json\/wp\/v2\/types\/page"}],"author":[{"embeddable":true,"href":"https:\/\/izeltas.com.tr\/en\/wp-json\/wp\/v2\/users\/5"}],"replies":[{"embeddable":true,"href":"https:\/\/izeltas.com.tr\/en\/wp-json\/wp\/v2\/comments?post=6234"}],"version-history":[{"count":0,"href":"https:\/\/izeltas.com.tr\/en\/wp-json\/wp\/v2\/pages\/6234\/revisions"}],"wp:attachment":[{"href":"https:\/\/izeltas.com.tr\/en\/wp-json\/wp\/v2\/media?parent=6234"}],"curies":[{"name":"wp","href":"https:\/\/api.w.org\/{rel}","templated":true}]}}