{"version":"1.0","provider_name":"\u0130ZELTA\u015e","provider_url":"https:\/\/izeltas.com.tr\/en","author_name":"Pazarlama","author_url":"https:\/\/izeltas.com.tr\/en\/author\/izeltas\/","title":"Hatay\u2019da Karne Sevinci: Gelece\u011fe Umutla! - \u0130ZELTA\u015e","type":"rich","width":600,"height":338,"html":"<blockquote class=\"wp-embedded-content\" data-secret=\"jd2RHuaYBB\"><a href=\"https:\/\/izeltas.com.tr\/en\/haberler\/hatayda-karne-sevinci-gelecege-umutla\/\">Hatay\u2019da Karne Sevinci: Gelece\u011fe Umutla!<\/a><\/blockquote><iframe sandbox=\"allow-scripts\" security=\"restricted\" src=\"https:\/\/izeltas.com.tr\/en\/haberler\/hatayda-karne-sevinci-gelecege-umutla\/embed\/#?secret=jd2RHuaYBB\" width=\"600\" height=\"338\" title=\"&#8220;Hatay\u2019da Karne Sevinci: Gelece\u011fe Umutla!&#8221; &#8212; \u0130ZELTA\u015e\" data-secret=\"jd2RHuaYBB\" frameborder=\"0\" marginwidth=\"0\" marginheight=\"0\" scrolling=\"no\" class=\"wp-embedded-content\"><\/iframe><script type=\"text\/javascript\">\n\/* <![CDATA[ *\/\n\/*! This file is auto-generated *\/\n!function(d,l){\"use strict\";l.querySelector&&d.addEventListener&&\"undefined\"!=typeof URL&&(d.wp=d.wp||{},d.wp.receiveEmbedMessage||(d.wp.receiveEmbedMessage=function(e){var t=e.data;if((t||t.secret||t.message||t.value)&&!\/[^a-zA-Z0-9]\/.test(t.secret)){for(var s,r,n,a=l.querySelectorAll('iframe[data-secret=\"'+t.secret+'\"]'),o=l.querySelectorAll('blockquote[data-secret=\"'+t.secret+'\"]'),c=new RegExp(\"^https?:$\",\"i\"),i=0;i<o.length;i++)o[i].style.display=\"none\";for(i=0;i<a.length;i++)s=a[i],e.source===s.contentWindow&&(s.removeAttribute(\"style\"),\"height\"===t.message?(1e3<(r=parseInt(t.value,10))?r=1e3:~~r<200&&(r=200),s.height=r):\"link\"===t.message&&(r=new URL(s.getAttribute(\"src\")),n=new URL(t.value),c.test(n.protocol))&&n.host===r.host&&l.activeElement===s&&(d.top.location.href=t.value))}},d.addEventListener(\"message\",d.wp.receiveEmbedMessage,!1),l.addEventListener(\"DOMContentLoaded\",function(){for(var e,t,s=l.querySelectorAll(\"iframe.wp-embedded-content\"),r=0;r<s.length;r++)(t=(e=s[r]).getAttribute(\"data-secret\"))||(t=Math.random().toString(36).substring(2,12),e.src+=\"#?secret=\"+t,e.setAttribute(\"data-secret\",t)),e.contentWindow.postMessage({message:\"ready\",secret:t},\"*\")},!1)))}(window,document);\n\/* ]]> *\/\n<\/script>\n","thumbnail_url":"https:\/\/izeltas.com.tr\/wp-content\/uploads\/2025\/02\/hatay-2-1.jpg","thumbnail_width":1075,"thumbnail_height":657,"description":"Sorry, this entry is only available in TR. Bu y\u0131l\u0131n ilk ve en anlaml\u0131 yolculuklar\u0131ndan birini 17 Ocak\u2019ta Hatay\u2019a ger\u00e7ekle\u015ftirdik. Deprem b\u00f6lgesindeki \u00f6\u011frencilerle bir araya gelerek karne heyecanlar\u0131n\u0131 payla\u015ft\u0131k ve onlar\u0131n mutlulu\u011funa ortak olduk. Karne hediyelerini, t\u00fcm \u00e7al\u0131\u015fma arkada\u015flar\u0131m\u0131z\u0131n ad\u0131na minik y\u00fcreklere ula\u015ft\u0131rd\u0131k. Bu \u00f6zel g\u00fcnde, Hatayl\u0131 sanat\u00e7\u0131m\u0131z Umut Harbeli &#8216;de sahnedeydi. Co\u015fkulu bir konserle [&hellip;]"}